{"id":213822,"date":"2022-02-16T16:49:18","date_gmt":"2022-02-16T16:49:18","guid":{"rendered":"https:\/\/www.verdneix.com\/project\/hotel-can-faustino\/"},"modified":"2023-05-17T11:14:51","modified_gmt":"2023-05-17T11:14:51","slug":"hotel-can-faustino","status":"publish","type":"project","link":"https:\/\/www.verdneix.com\/ca\/project\/hotel-can-faustino\/","title":{"rendered":"Hotel Can Faustino"},"content":{"rendered":"<p>[et_pb_section fb_built=\u00bb1&#8243; _builder_version=\u00bb4.16&#8243; _module_preset=\u00bbdefault\u00bb background_color=\u00bbrgba(0,0,0,0.03)\u00bb global_colors_info=\u00bb{}\u00bb][et_pb_row column_structure=\u00bb1_2,1_2&#8243; _builder_version=\u00bb4.16&#8243; max_width=\u00bb1600px\u00bb custom_margin=\u00bb|||\u00bb custom_margin_tablet=\u00bb||0px|\u00bb custom_margin_phone=\u00bb\u00bb custom_margin_last_edited=\u00bbon|desktop\u00bb custom_padding=\u00bb|||\u00bb use_custom_width=\u00bbon\u00bb width_unit=\u00bboff\u00bb custom_width_percent=\u00bb100%\u00bb global_colors_info=\u00bb{}\u00bb][et_pb_column type=\u00bb1_2&#8243; _builder_version=\u00bb4.16&#8243; custom_padding=\u00bb|||\u00bb global_colors_info=\u00bb{}\u00bb custom_padding__hover=\u00bb|||\u00bb][et_pb_text _builder_version=\u00bb4.21.0&#8243; _module_preset=\u00bbdefault\u00bb header_2_font=\u00bbMontserrat|300|||||||\u00bb header_2_text_align=\u00bbcenter\u00bb header_2_font_size=\u00bb36px\u00bb header_2_line_height=\u00bb1.2em\u00bb global_colors_info=\u00bb{}\u00bb]<\/p>\n<h2 style=\"text-align: center;\">Hotel Can Faustino<\/h2>\n<p>[\/et_pb_text][et_pb_text _builder_version=\u00bb4.21.0&#8243; _module_preset=\u00bbdefault\u00bb text_font=\u00bbMontserrat|300|||||||\u00bb text_font_size=\u00bb17px\u00bb text_line_height=\u00bb1.8em\u00bb hover_enabled=\u00bb0&#8243; global_colors_info=\u00bb{}\u00bb sticky_enabled=\u00bb0&#8243;]<\/p>\n<p style=\"text-align: justify;\">Fusteria exterior de llenya mantenint l&#8217;estil original.<\/p>\n<p style=\"text-align: justify;\">Finestres per a cobertes el\u00e8ctriques.<\/p>\n<p style=\"text-align: justify;\">Fusteria interior a mida.<\/p>\n<p style=\"text-align: justify;\">Mobiliari recepci\u00f3, sala piano, cap\u00e7als i tauletes de nit, fabricat segons el disseny que va sol\u00b7licitar el client.<\/p>\n<p style=\"text-align: justify;\">Original p\u00e8rgola de llenya tamb\u00e9 a mida.<\/p>\n<p>[\/et_pb_text][\/et_pb_column][et_pb_column type=\u00bb1_2&#8243; _builder_version=\u00bb4.16&#8243; custom_padding=\u00bb|||\u00bb global_colors_info=\u00bb{}\u00bb custom_padding__hover=\u00bb|||\u00bb][et_pb_image src=\u00bbhttps:\/\/www.verdneix.com\/wp-content\/uploads\/2022\/02\/image003.jpg\u00bb alt=\u00bbPROYECTO VERD NEIX EN HOTEL CAN FAUSTINO\u00bb title_text=\u00bbPROYECTO VERD NEIX EN HOTEL CAN FAUSTINO\u00bb force_fullwidth=\u00bbon\u00bb align_tablet=\u00bbcenter\u00bb align_phone=\u00bb\u00bb align_last_edited=\u00bbon|desktop\u00bb _builder_version=\u00bb4.16&#8243; custom_margin=\u00bb|||\u00bb custom_padding=\u00bb|||\u00bb animation_style=\u00bbslide\u00bb animation_direction=\u00bbright\u00bb animation_intensity_slide=\u00bb5%\u00bb border_radii=\u00bb|30px|||15vw\u00bb border_color_all=\u00bb#79992c\u00bb border_width_left=\u00bb2vw\u00bb global_colors_info=\u00bb{}\u00bb][\/et_pb_image][dsm_image_carousel gallery_ids=\u00bb212110,212091,212102,212106,212108,212100,212112,212104,212093,212095,212097&#8243; slide_to_show=\u00bb3&#8243; dots=\u00bboff\u00bb show_lightbox=\u00bbon\u00bb show_lightbox_gallery=\u00bbon\u00bb _builder_version=\u00bb4.16&#8243; _module_preset=\u00bbdefault\u00bb background_color=\u00bbRGBA(0,0,0,0)\u00bb module_alignment=\u00bbcenter\u00bb border_color_left=\u00bb#79992c\u00bb border_radii_image=\u00bboff|10px|||4vw\u00bb border_color_all_image=\u00bb#79992c\u00bb border_width_left_image=\u00bb16px\u00bb global_colors_info=\u00bb{}\u00bb][\/dsm_image_carousel][\/et_pb_column][\/et_pb_row][et_pb_row _builder_version=\u00bb4.16&#8243; _module_preset=\u00bbdefault\u00bb global_colors_info=\u00bb{}\u00bb][et_pb_column type=\u00bb4_4&#8243; _builder_version=\u00bb4.16&#8243; _module_preset=\u00bbdefault\u00bb global_colors_info=\u00bb{}\u00bb][et_pb_divider show_divider=\u00bboff\u00bb _builder_version=\u00bb4.16&#8243; _module_preset=\u00bbdefault\u00bb min_height=\u00bb300px\u00bb height=\u00bb300px\u00bb max_height=\u00bb300px\u00bb global_colors_info=\u00bb{}\u00bb][\/et_pb_divider][\/et_pb_column][\/et_pb_row][\/et_pb_section]<\/p>\n","protected":false},"excerpt":{"rendered":"<p>Hotel Can FaustinoFusteria exterior de llenya mantenint l&#8217;estil original. Finestres per a cobertes el\u00e8ctriques. Fusteria interior a mida. Mobiliari recepci\u00f3, sala piano, cap\u00e7als i tauletes de nit, fabricat segons el disseny que va sol\u00b7licitar el client. Original p\u00e8rgola de llenya tamb\u00e9 a mida.<div class=\"et_pb_with_border et_pb_module dsm_image_carousel dsm_image_carousel_0  dsm_image_carousel_arrow_outside dsm_image_carousel_arrow_mobile_inside \">\n\t\t\t\t\n\t\t\t\t\n\t\t\t\t\n\t\t\t\t\n\t\t\t\t\n\t\t\t\t\n\t\t\t\t<div class=\"et_pb_module_inner\">\n\t\t\t\t\t<div class=\"swiper-container dsm_image_carousel_container\" dir=\"ltr\" data-params=[{\"effect\":\"default\",\"slider_effect_shadows\":false,\"slider_effect_coverflow_rotate\":\"30\",\"slider_effect_coverflow_depth\":\"0\",\"loop\":true,\"slide_to_show\":\"\\u00bb3&#8243;\",\"slide_to_show_tablet\":\"1\",\"slide_to_show_phone\":\"1\",\"slide_to_scroll\":\"1\",\"slide_to_scroll_tablet\":\"1\",\"slide_to_scroll_phone\":\"1\",\"space_between\":\"15\",\"space_between_tablet\":\"15\",\"space_between_phone\":\"15\",\"slide_row\":\"1\",\"centered_slides\":false,\"speed\":\"300\",\"autoplay\":true,\"autoplay_speed\":\"3000\",\"touch_move\":true,\"grab\":true,\"pause_on_hover\":false,\"show_lightbox\":true,\"lightbox_gallery\":\"true\",\"lightbox_caption\":\"false\",\"infinite_scrolling\":\"false\"}]><div class=\"swiper-wrapper\"><div class=\"swiper-slide dsm_image_carousel_item\"><img loading=\"lazy\" decoding=\"async\" src=\"https:\/\/www.verdneix.com\/wp-content\/uploads\/2022\/02\/carpinteria-en-menorca-5.jpg\" alt=\"\" title=\"carpinteria-en-menorca\" width=\"1200\" height=\"900\" data-dsm-image-description=\"\" class=\"swiper-lazy\" \/><\/div><div class=\"swiper-slide dsm_image_carousel_item\"><img loading=\"lazy\" decoding=\"async\" src=\"https:\/\/www.verdneix.com\/wp-content\/uploads\/2022\/02\/instalador-de-parquet-en-menorca-1.jpg\" alt=\"\" title=\"instalador-de-parquet-en-menorca\" width=\"1200\" height=\"900\" data-dsm-image-description=\"\" class=\"swiper-lazy\" \/><\/div><div class=\"swiper-slide dsm_image_carousel_item\"><img loading=\"lazy\" decoding=\"async\" src=\"https:\/\/www.verdneix.com\/wp-content\/uploads\/2022\/02\/muebles-de-madera-en-menorca-1.jpg\" alt=\"\" title=\"muebles-de-madera-en-menorca\" width=\"1200\" height=\"900\" data-dsm-image-description=\"\" class=\"swiper-lazy\" \/><\/div><div class=\"swiper-slide dsm_image_carousel_item\"><img loading=\"lazy\" decoding=\"async\" src=\"https:\/\/www.verdneix.com\/wp-content\/uploads\/2022\/02\/parquet-en-menorca-1.jpg\" alt=\"\" title=\"parquet-en-menorca\" width=\"1200\" height=\"900\" data-dsm-image-description=\"\" class=\"swiper-lazy\" \/><\/div><div class=\"swiper-slide dsm_image_carousel_item\"><img loading=\"lazy\" decoding=\"async\" src=\"https:\/\/www.verdneix.com\/wp-content\/uploads\/2022\/02\/hotel-can-faustino-menorca-1.jpg\" alt=\"\" title=\"hotel-can-faustino-menorca\" width=\"1200\" height=\"900\" data-dsm-image-description=\"\" class=\"swiper-lazy\" \/><\/div><div class=\"swiper-slide dsm_image_carousel_item\"><img loading=\"lazy\" decoding=\"async\" src=\"https:\/\/www.verdneix.com\/wp-content\/uploads\/2022\/02\/puertas-de-madera-a-medida-en-menorca-1.jpg\" alt=\"\" title=\"puertas-de-madera-a-medida-en-menorca\" width=\"1200\" height=\"900\" data-dsm-image-description=\"\" class=\"swiper-lazy\" \/><\/div><div class=\"swiper-slide dsm_image_carousel_item\"><img loading=\"lazy\" decoding=\"async\" src=\"https:\/\/www.verdneix.com\/wp-content\/uploads\/2022\/02\/muebles-de-bano-en-menorca-2.jpg\" alt=\"\" title=\"muebles-de-ba\u00f1o-en-menorca\" width=\"1200\" height=\"900\" data-dsm-image-description=\"\" class=\"swiper-lazy\" \/><\/div><div class=\"swiper-slide dsm_image_carousel_item\"><img loading=\"lazy\" decoding=\"async\" src=\"https:\/\/www.verdneix.com\/wp-content\/uploads\/2022\/02\/carpinteria-menorca-5.jpg\" alt=\"\" title=\"carpinteria-menorca\" width=\"1200\" height=\"900\" data-dsm-image-description=\"\" class=\"swiper-lazy\" \/><\/div><div class=\"swiper-slide dsm_image_carousel_item\"><img loading=\"lazy\" decoding=\"async\" src=\"https:\/\/www.verdneix.com\/wp-content\/uploads\/2022\/02\/carpintero-en-menorca-2.jpg\" alt=\"\" title=\"carpintero-en-menorca\" width=\"1200\" height=\"900\" data-dsm-image-description=\"\" class=\"swiper-lazy\" \/><\/div><div class=\"swiper-slide dsm_image_carousel_item\"><img loading=\"lazy\" decoding=\"async\" src=\"https:\/\/www.verdneix.com\/wp-content\/uploads\/2022\/02\/carpintero-menorca-2.jpg\" alt=\"\" title=\"carpintero-menorca\" width=\"1200\" height=\"900\" data-dsm-image-description=\"\" class=\"swiper-lazy\" \/><\/div><\/div><\/div><div class=\"swiper-button-prev\"><\/div><div class=\"swiper-button-next\"><\/div><div class=\"swiper-pagination\"><\/div>\n\t\t\t\t<\/div>\n\t\t\t<\/div><\/p>\n","protected":false},"author":2,"featured_media":213720,"comment_status":"open","ping_status":"closed","template":"","meta":{"_et_pb_use_builder":"on","_et_pb_old_content":"","_et_gb_content_width":"","footnotes":""},"project_category":[26],"project_tag":[],"class_list":["post-213822","project","type-project","status-publish","has-post-thumbnail","hentry","project_category-projectes-verd-neix-ca"],"yoast_head":"<!-- This site is optimized with the Yoast SEO plugin v28.3 - https:\/\/yoast.com\/product\/yoast-seo-wordpress\/ -->\n<title>Hotel Can Faustino - VERDNEIX S.L.<\/title>\n<meta name=\"description\" content=\"Hotel Can Faustino Fusteria exterior de llenya mantenint l&#039;estil original.Finestres per a cobertes el\u00e8ctriques.Fusteria interior a mida...\" \/>\n<meta name=\"robots\" content=\"index, follow, max-snippet:-1, max-image-preview:large, max-video-preview:-1\" \/>\n<link rel=\"canonical\" href=\"https:\/\/www.verdneix.com\/ca\/project\/hotel-can-faustino\/\" \/>\n<meta property=\"og:locale\" content=\"ca_ES\" \/>\n<meta property=\"og:type\" content=\"article\" \/>\n<meta property=\"og:title\" content=\"Hotel Can Faustino - VERDNEIX S.L.\" \/>\n<meta property=\"og:description\" content=\"Hotel Can Faustino Fusteria exterior de llenya mantenint l&#039;estil original.Finestres per a cobertes el\u00e8ctriques.Fusteria interior a mida...\" \/>\n<meta property=\"og:url\" content=\"https:\/\/www.verdneix.com\/ca\/project\/hotel-can-faustino\/\" \/>\n<meta property=\"og:site_name\" content=\"VERDNEIX S.L.\" \/>\n<meta property=\"article:modified_time\" content=\"2023-05-17T11:14:51+00:00\" \/>\n<meta property=\"og:image\" content=\"https:\/\/www.verdneix.com\/wp-content\/uploads\/2022\/02\/image003.jpg\" \/>\n\t<meta property=\"og:image:width\" content=\"498\" \/>\n\t<meta property=\"og:image:height\" content=\"332\" \/>\n\t<meta property=\"og:image:type\" content=\"image\/jpeg\" \/>\n<meta name=\"twitter:card\" content=\"summary_large_image\" \/>\n<meta name=\"twitter:label1\" content=\"Temps estimat de lectura\" \/>\n\t<meta name=\"twitter:data1\" content=\"1 minut\" \/>\n<script type=\"application\/ld+json\" class=\"yoast-schema-graph\">{\"@context\":\"https:\\\/\\\/schema.org\",\"@graph\":[{\"@type\":\"WebPage\",\"@id\":\"https:\\\/\\\/www.verdneix.com\\\/ca\\\/project\\\/hotel-can-faustino\\\/\",\"url\":\"https:\\\/\\\/www.verdneix.com\\\/ca\\\/project\\\/hotel-can-faustino\\\/\",\"name\":\"Hotel Can Faustino - VERDNEIX S.L.\",\"isPartOf\":{\"@id\":\"https:\\\/\\\/www.verdneix.com\\\/#website\"},\"primaryImageOfPage\":{\"@id\":\"https:\\\/\\\/www.verdneix.com\\\/ca\\\/project\\\/hotel-can-faustino\\\/#primaryimage\"},\"image\":{\"@id\":\"https:\\\/\\\/www.verdneix.com\\\/ca\\\/project\\\/hotel-can-faustino\\\/#primaryimage\"},\"thumbnailUrl\":\"https:\\\/\\\/www.verdneix.com\\\/wp-content\\\/uploads\\\/2022\\\/02\\\/image003.jpg\",\"datePublished\":\"2022-02-16T16:49:18+00:00\",\"dateModified\":\"2023-05-17T11:14:51+00:00\",\"description\":\"Hotel Can Faustino Fusteria exterior de llenya mantenint l'estil original.Finestres per a cobertes el\u00e8ctriques.Fusteria interior a mida...\",\"breadcrumb\":{\"@id\":\"https:\\\/\\\/www.verdneix.com\\\/ca\\\/project\\\/hotel-can-faustino\\\/#breadcrumb\"},\"inLanguage\":\"ca\",\"potentialAction\":[{\"@type\":\"ReadAction\",\"target\":[\"https:\\\/\\\/www.verdneix.com\\\/ca\\\/project\\\/hotel-can-faustino\\\/\"]}]},{\"@type\":\"ImageObject\",\"inLanguage\":\"ca\",\"@id\":\"https:\\\/\\\/www.verdneix.com\\\/ca\\\/project\\\/hotel-can-faustino\\\/#primaryimage\",\"url\":\"https:\\\/\\\/www.verdneix.com\\\/wp-content\\\/uploads\\\/2022\\\/02\\\/image003.jpg\",\"contentUrl\":\"https:\\\/\\\/www.verdneix.com\\\/wp-content\\\/uploads\\\/2022\\\/02\\\/image003.jpg\",\"width\":498,\"height\":332},{\"@type\":\"BreadcrumbList\",\"@id\":\"https:\\\/\\\/www.verdneix.com\\\/ca\\\/project\\\/hotel-can-faustino\\\/#breadcrumb\",\"itemListElement\":[{\"@type\":\"ListItem\",\"position\":1,\"name\":\"Portada\",\"item\":\"https:\\\/\\\/www.verdneix.com\\\/ca\\\/\"},{\"@type\":\"ListItem\",\"position\":2,\"name\":\"Proyectos\",\"item\":\"https:\\\/\\\/www.verdneix.com\\\/project\\\/\"},{\"@type\":\"ListItem\",\"position\":3,\"name\":\"Hotel Can Faustino\"}]},{\"@type\":\"WebSite\",\"@id\":\"https:\\\/\\\/www.verdneix.com\\\/#website\",\"url\":\"https:\\\/\\\/www.verdneix.com\\\/\",\"name\":\"VERDNEIX S.L.\",\"description\":\"ESTAMOS TRABAJANDO PARA MEJORAR NUESTRO SERVICIO\",\"potentialAction\":[{\"@type\":\"SearchAction\",\"target\":{\"@type\":\"EntryPoint\",\"urlTemplate\":\"https:\\\/\\\/www.verdneix.com\\\/?s={search_term_string}\"},\"query-input\":{\"@type\":\"PropertyValueSpecification\",\"valueRequired\":true,\"valueName\":\"search_term_string\"}}],\"inLanguage\":\"ca\"}]}<\/script>\n<!-- \/ Yoast SEO plugin. -->","yoast_head_json":{"title":"Hotel Can Faustino - VERDNEIX S.L.","description":"Hotel Can Faustino Fusteria exterior de llenya mantenint l'estil original.Finestres per a cobertes el\u00e8ctriques.Fusteria interior a mida...","robots":{"index":"index","follow":"follow","max-snippet":"max-snippet:-1","max-image-preview":"max-image-preview:large","max-video-preview":"max-video-preview:-1"},"canonical":"https:\/\/www.verdneix.com\/ca\/project\/hotel-can-faustino\/","og_locale":"ca_ES","og_type":"article","og_title":"Hotel Can Faustino - VERDNEIX S.L.","og_description":"Hotel Can Faustino Fusteria exterior de llenya mantenint l'estil original.Finestres per a cobertes el\u00e8ctriques.Fusteria interior a mida...","og_url":"https:\/\/www.verdneix.com\/ca\/project\/hotel-can-faustino\/","og_site_name":"VERDNEIX S.L.","article_modified_time":"2023-05-17T11:14:51+00:00","og_image":[{"width":498,"height":332,"url":"https:\/\/www.verdneix.com\/wp-content\/uploads\/2022\/02\/image003.jpg","type":"image\/jpeg"}],"twitter_card":"summary_large_image","twitter_misc":{"Temps estimat de lectura":"1 minut"},"schema":{"@context":"https:\/\/schema.org","@graph":[{"@type":"WebPage","@id":"https:\/\/www.verdneix.com\/ca\/project\/hotel-can-faustino\/","url":"https:\/\/www.verdneix.com\/ca\/project\/hotel-can-faustino\/","name":"Hotel Can Faustino - VERDNEIX S.L.","isPartOf":{"@id":"https:\/\/www.verdneix.com\/#website"},"primaryImageOfPage":{"@id":"https:\/\/www.verdneix.com\/ca\/project\/hotel-can-faustino\/#primaryimage"},"image":{"@id":"https:\/\/www.verdneix.com\/ca\/project\/hotel-can-faustino\/#primaryimage"},"thumbnailUrl":"https:\/\/www.verdneix.com\/wp-content\/uploads\/2022\/02\/image003.jpg","datePublished":"2022-02-16T16:49:18+00:00","dateModified":"2023-05-17T11:14:51+00:00","description":"Hotel Can Faustino Fusteria exterior de llenya mantenint l'estil original.Finestres per a cobertes el\u00e8ctriques.Fusteria interior a mida...","breadcrumb":{"@id":"https:\/\/www.verdneix.com\/ca\/project\/hotel-can-faustino\/#breadcrumb"},"inLanguage":"ca","potentialAction":[{"@type":"ReadAction","target":["https:\/\/www.verdneix.com\/ca\/project\/hotel-can-faustino\/"]}]},{"@type":"ImageObject","inLanguage":"ca","@id":"https:\/\/www.verdneix.com\/ca\/project\/hotel-can-faustino\/#primaryimage","url":"https:\/\/www.verdneix.com\/wp-content\/uploads\/2022\/02\/image003.jpg","contentUrl":"https:\/\/www.verdneix.com\/wp-content\/uploads\/2022\/02\/image003.jpg","width":498,"height":332},{"@type":"BreadcrumbList","@id":"https:\/\/www.verdneix.com\/ca\/project\/hotel-can-faustino\/#breadcrumb","itemListElement":[{"@type":"ListItem","position":1,"name":"Portada","item":"https:\/\/www.verdneix.com\/ca\/"},{"@type":"ListItem","position":2,"name":"Proyectos","item":"https:\/\/www.verdneix.com\/project\/"},{"@type":"ListItem","position":3,"name":"Hotel Can Faustino"}]},{"@type":"WebSite","@id":"https:\/\/www.verdneix.com\/#website","url":"https:\/\/www.verdneix.com\/","name":"VERDNEIX S.L.","description":"ESTAMOS TRABAJANDO PARA MEJORAR NUESTRO SERVICIO","potentialAction":[{"@type":"SearchAction","target":{"@type":"EntryPoint","urlTemplate":"https:\/\/www.verdneix.com\/?s={search_term_string}"},"query-input":{"@type":"PropertyValueSpecification","valueRequired":true,"valueName":"search_term_string"}}],"inLanguage":"ca"}]}},"_links":{"self":[{"href":"https:\/\/www.verdneix.com\/ca\/wp-json\/wp\/v2\/project\/213822","targetHints":{"allow":["GET"]}}],"collection":[{"href":"https:\/\/www.verdneix.com\/ca\/wp-json\/wp\/v2\/project"}],"about":[{"href":"https:\/\/www.verdneix.com\/ca\/wp-json\/wp\/v2\/types\/project"}],"author":[{"embeddable":true,"href":"https:\/\/www.verdneix.com\/ca\/wp-json\/wp\/v2\/users\/2"}],"replies":[{"embeddable":true,"href":"https:\/\/www.verdneix.com\/ca\/wp-json\/wp\/v2\/comments?post=213822"}],"version-history":[{"count":2,"href":"https:\/\/www.verdneix.com\/ca\/wp-json\/wp\/v2\/project\/213822\/revisions"}],"predecessor-version":[{"id":213832,"href":"https:\/\/www.verdneix.com\/ca\/wp-json\/wp\/v2\/project\/213822\/revisions\/213832"}],"wp:featuredmedia":[{"embeddable":true,"href":"https:\/\/www.verdneix.com\/ca\/wp-json\/wp\/v2\/media\/213720"}],"wp:attachment":[{"href":"https:\/\/www.verdneix.com\/ca\/wp-json\/wp\/v2\/media?parent=213822"}],"wp:term":[{"taxonomy":"project_category","embeddable":true,"href":"https:\/\/www.verdneix.com\/ca\/wp-json\/wp\/v2\/project_category?post=213822"},{"taxonomy":"project_tag","embeddable":true,"href":"https:\/\/www.verdneix.com\/ca\/wp-json\/wp\/v2\/project_tag?post=213822"}],"curies":[{"name":"wp","href":"https:\/\/api.w.org\/{rel}","templated":true}]}}